{"id":1259,"date":"2015-09-24T16:15:42","date_gmt":"2015-09-24T13:15:42","guid":{"rendered":"http:\/\/wp.dogadernegi.net\/?post_type=dd_staff&#038;p=1259"},"modified":"2025-08-12T22:15:21","modified_gmt":"2025-08-12T19:15:21","slug":"dicle-tuba-kilic-karci","status":"publish","type":"dd_staff","link":"https:\/\/dogadernegi.org\/en\/ekip\/dicle-tuba-kilic-karci\/","title":{"rendered":"Dicle Tuba K\u0131l\u0131\u00e7 Karc\u0131"},"content":{"rendered":"<p>1978 y\u0131l\u0131nda Ankara&#8217;da do\u011fdum. 2000 y\u0131l\u0131nda ODT\u00dc Fizik b\u00f6l\u00fcm\u00fcn\u00fc, 2002 y\u0131l\u0131nda yine fizik b\u00f6l\u00fcm\u00fcnde y\u00fcksek lisans\u0131n\u0131 tamamlad\u0131m. 2003 y\u0131l\u0131nda ise doktora \u00e7al\u0131\u015fmalar\u0131n\u0131 b\u0131rak\u0131p Do\u011fa Derne\u011fi&#8217;nde \u00e7al\u0131\u015fmaya ba\u015flad\u0131m. Do\u011fa koruma \u00e7al\u0131\u015fmalar\u0131na yedi y\u0131l \u00f6nce ku\u015f g\u00f6zlemcili\u011fiyle ilgi duymaya ba\u015flad\u0131m. T\u00fcrkiye&#8217;nin \u00d6nemli Ku\u015f Alanlar\u0131 ara\u015ft\u0131rmalar\u0131 ve yereldeki ortak \u00e7al\u0131\u015fmalar nedeniyle Anadolu&#8217;nun\u00a0d\u00f6rt bir yan\u0131n\u0131 gezdim. G\u00fczelli\u011finden etkilendi\u011fim Dicle Nehri&#8217;nin ismini ald\u0131m. Do\u011fa Derne\u011fi&#8217;nin ba\u015fkan\u0131y\u0131m. Ayn\u0131 zamanda, Anadolu&#8217;nun\u00a0\u00d6nemli Yemek Alanlar\u0131 ve y\u00f6resel yemeklerini yerinde ve uygulamal\u0131 olarak ara\u015ft\u0131r\u0131yorum.<\/p>","protected":false},"featured_media":1260,"template":"","meta":{"_acf_changed":false,"_uag_custom_page_level_css":""},"dd_staff_cat":[512],"class_list":["post-1259","dd_staff","type-dd_staff","status-publish","has-post-thumbnail","hentry","dd_staff_cat-yonetim-kurulu"],"acf":{"dd_staff_email":"","dd_staff_email_source":{"label":"E-posta","type":"text","formatted_value":""},"dd_staff_position":"Y\u00f6netim Kurulu Ba\u015fkan\u0131","dd_staff_position_source":{"label":"Pozisyon","type":"text","formatted_value":"Y\u00f6netim Kurulu Ba\u015fkan\u0131"}},"uagb_featured_image_src":{"full":["https:\/\/dogadernegi.org\/wp-content\/uploads\/2015\/09\/Dicle.jpg",720,483,false],"thumbnail":["https:\/\/dogadernegi.org\/wp-content\/uploads\/2015\/09\/Dicle-300x300.jpg",300,300,true],"medium":["https:\/\/dogadernegi.org\/wp-content\/uploads\/2015\/09\/Dicle-300x201.jpg",300,201,true],"medium_large":["https:\/\/dogadernegi.org\/wp-content\/uploads\/2015\/09\/Dicle.jpg",720,483,false],"large":["https:\/\/dogadernegi.org\/wp-content\/uploads\/2015\/09\/Dicle.jpg",720,483,false],"1536x1536":["https:\/\/dogadernegi.org\/wp-content\/uploads\/2015\/09\/Dicle.jpg",720,483,false],"2048x2048":["https:\/\/dogadernegi.org\/wp-content\/uploads\/2015\/09\/Dicle.jpg",720,483,false]},"uagb_author_info":{"display_name":"A. Erdem \u015eent\u00fcrk","author_link":"https:\/\/dogadernegi.org\/en\/author\/"},"uagb_comment_info":0,"uagb_excerpt":"1978 y\u0131l\u0131nda Ankara'da do\u011fdum. 2000 y\u0131l\u0131nda ODT\u00dc Fizik b\u00f6l\u00fcm\u00fcn\u00fc, 2002 y\u0131l\u0131nda yine fizik b\u00f6l\u00fcm\u00fcnde y\u00fcksek lisans\u0131n\u0131 tamamlad\u0131m. 2003 y\u0131l\u0131nda ise doktora \u00e7al\u0131\u015fmalar\u0131n\u0131 b\u0131rak\u0131p Do\u011fa Derne\u011fi'nde \u00e7al\u0131\u015fmaya ba\u015flad\u0131m. [...]Read More... from Dicle Tuba K\u0131l\u0131\u00e7 Karc\u0131","_links":{"self":[{"href":"https:\/\/dogadernegi.org\/en\/wp-json\/wp\/v2\/dd_staff\/1259","targetHints":{"allow":["GET"]}}],"collection":[{"href":"https:\/\/dogadernegi.org\/en\/wp-json\/wp\/v2\/dd_staff"}],"about":[{"href":"https:\/\/dogadernegi.org\/en\/wp-json\/wp\/v2\/types\/dd_staff"}],"wp:featuredmedia":[{"embeddable":true,"href":"https:\/\/dogadernegi.org\/en\/wp-json\/wp\/v2\/media\/1260"}],"wp:attachment":[{"href":"https:\/\/dogadernegi.org\/en\/wp-json\/wp\/v2\/media?parent=1259"}],"wp:term":[{"taxonomy":"dd_staff_cat","embeddable":true,"href":"https:\/\/dogadernegi.org\/en\/wp-json\/wp\/v2\/dd_staff_cat?post=1259"}],"curies":[{"name":"wp","href":"https:\/\/api.w.org\/{rel}","templated":true}]}}