{"id":1265,"date":"2015-09-14T16:09:56","date_gmt":"2015-09-14T13:09:56","guid":{"rendered":"http:\/\/wp.dogadernegi.net\/?post_type=dd_staff&#038;p=1265"},"modified":"2024-03-05T12:55:38","modified_gmt":"2024-03-05T09:55:38","slug":"turan-cetin","status":"publish","type":"dd_staff","link":"https:\/\/dogadernegi.org\/en\/ekip\/turan-cetin\/","title":{"rendered":"Turan \u00c7etin"},"content":{"rendered":"<p>Bolkarlar&#8217;da, Toros Da\u011flar\u0131 aras\u0131nda do\u011fdum. Bilgisayar b\u00f6l\u00fcm\u00fc ve \u0130\u015fletme Fak\u00fcltesi mezunuyum. Halen biyoloji b\u00f6l\u00fcm\u00fcnde y\u00fcksek lisans e\u011fitimime devam ediyorum. \u00dcniversite b\u00fcnyesinde \u00e7evre toplulu\u011funu kurarak do\u011fa koruma faaliyetlerinde g\u00f6rev ald\u0131m. Da\u011fc\u0131l\u0131k sporu ile do\u011fay\u0131 da\u011flar\u0131n zirvelerinde arad\u0131m. K\u0131sa s\u00fcre siyah beyaz bask\u0131 ve foto\u011fraf\u00e7\u0131l\u0131k konusunda e\u011fitim ald\u0131m. Para\u015f\u00fct atlay\u0131\u015flar\u0131yla ku\u015flar\u0131n nas\u0131l ya\u015fad\u0131\u011f\u0131n\u0131 anlamak i\u00e7in u\u011fra\u015ft\u0131m.<\/p>\n\n\n\n<p>2005 y\u0131l\u0131nda yeni bir ba\u015flang\u0131\u00e7 yaparak Do\u011fa Derne\u011fi&#8217;nde do\u011fa k\u00fclt\u00fcr\u00fcn\u00fcn&nbsp;aktar\u0131laca\u011f\u0131&nbsp;somut bir olu\u015fum hayali ile&nbsp;\u00e7al\u0131\u015fmaya ba\u015flad\u0131m, o zamandan beri Birecik ve Halfeti\u2019de ya\u015famaktay\u0131m.&nbsp;Yerel \u00f6rg\u00fctlenme konusunda ve G\u00fcneydo\u011fu Anadolu&#8217;da \u00e7e\u015fitli do\u011fa koruma projelerinde \u00e7al\u0131\u015fmaya devam ediyorum.<\/p>","protected":false},"featured_media":1387,"template":"","meta":{"_acf_changed":false,"_uag_custom_page_level_css":""},"dd_staff_cat":[511],"class_list":["post-1265","dd_staff","type-dd_staff","status-publish","has-post-thumbnail","hentry","dd_staff_cat-danismanlar"],"acf":{"dd_staff_email":"","dd_staff_email_source":{"label":"E-posta","type":"text","formatted_value":""},"dd_staff_position":"Ku\u015f \u0130zleme \u00c7al\u0131\u015fmalar\u0131 Dan\u0131\u015fman\u0131","dd_staff_position_source":{"label":"Pozisyon","type":"text","formatted_value":"Ku\u015f \u0130zleme \u00c7al\u0131\u015fmalar\u0131 Dan\u0131\u015fman\u0131"}},"uagb_featured_image_src":{"full":["https:\/\/dogadernegi.org\/wp-content\/uploads\/2015\/09\/Turan2.jpg",720,673,false],"thumbnail":["https:\/\/dogadernegi.org\/wp-content\/uploads\/2015\/09\/Turan2-300x300.jpg",300,300,true],"medium":["https:\/\/dogadernegi.org\/wp-content\/uploads\/2015\/09\/Turan2-300x280.jpg",300,280,true],"medium_large":["https:\/\/dogadernegi.org\/wp-content\/uploads\/2015\/09\/Turan2.jpg",720,673,false],"large":["https:\/\/dogadernegi.org\/wp-content\/uploads\/2015\/09\/Turan2.jpg",720,673,false],"1536x1536":["https:\/\/dogadernegi.org\/wp-content\/uploads\/2015\/09\/Turan2.jpg",720,673,false],"2048x2048":["https:\/\/dogadernegi.org\/wp-content\/uploads\/2015\/09\/Turan2.jpg",720,673,false]},"uagb_author_info":{"display_name":"A. Erdem \u015eent\u00fcrk","author_link":"https:\/\/dogadernegi.org\/en\/author\/"},"uagb_comment_info":0,"uagb_excerpt":"Bolkarlar'da, Toros Da\u011flar\u0131 aras\u0131nda do\u011fdum. Bilgisayar b\u00f6l\u00fcm\u00fc mezunu ve i\u015fletme fak\u00fcltesinden mezun oldum ve biyoloji b\u00f6l\u00fcm\u00fcnde y\u00fcksek lisansa devam ediyorum. \u00dcniversite b\u00fcnyesinde \u00e7evre toplulu\u011funu kurarak do\u011fa koruma [...]Read More... from Turan \u00c7etin","_links":{"self":[{"href":"https:\/\/dogadernegi.org\/en\/wp-json\/wp\/v2\/dd_staff\/1265","targetHints":{"allow":["GET"]}}],"collection":[{"href":"https:\/\/dogadernegi.org\/en\/wp-json\/wp\/v2\/dd_staff"}],"about":[{"href":"https:\/\/dogadernegi.org\/en\/wp-json\/wp\/v2\/types\/dd_staff"}],"wp:featuredmedia":[{"embeddable":true,"href":"https:\/\/dogadernegi.org\/en\/wp-json\/wp\/v2\/media\/1387"}],"wp:attachment":[{"href":"https:\/\/dogadernegi.org\/en\/wp-json\/wp\/v2\/media?parent=1265"}],"wp:term":[{"taxonomy":"dd_staff_cat","embeddable":true,"href":"https:\/\/dogadernegi.org\/en\/wp-json\/wp\/v2\/dd_staff_cat?post=1265"}],"curies":[{"name":"wp","href":"https:\/\/api.w.org\/{rel}","templated":true}]}}