{"id":20093,"date":"2017-09-17T09:14:26","date_gmt":"2017-09-17T06:14:26","guid":{"rendered":"https:\/\/dogadernegi.org\/?post_type=dd_staff&#038;p=20093"},"modified":"2024-03-10T12:38:58","modified_gmt":"2024-03-10T09:38:58","slug":"bulut-renas-kacan","status":"publish","type":"dd_staff","link":"https:\/\/dogadernegi.org\/en\/ekip\/bulut-renas-kacan\/","title":{"rendered":"Bulut Renas Ka\u00e7an"},"content":{"rendered":"<p>Mardin\u2019de do\u011fdum. \u0130zmir\u2019de toprakla i\u00e7 i\u00e7e, topra\u011fa de\u011ferek b\u00fcy\u00fcd\u00fcm. Babaannemden bana kalan anlat\u0131lacak \u00e7ok hikayem vard\u0131, kelimelerin yetersiz oldu\u011funu anlad\u0131\u011f\u0131m g\u00fcn sinema okumaya karar verdim. S\u0131ras\u0131yla \u0130stanbul, Antalya ve Ankara\u2019da yakla\u015f\u0131k 10 y\u0131l kadar ya\u015fad\u0131m. Beton y\u0131\u011f\u0131nlar\u0131 aras\u0131nda ya\u015farken anlatacak hikayelerimin g\u00fcn ge\u00e7tik\u00e7e yok oldu\u011funu ve t\u0131kand\u0131\u011f\u0131m\u0131 hissettim. Bir aray\u0131\u015f i\u00e7erisindeyken Do\u011fa Okulu ile tan\u0131\u015ft\u0131m. Topra\u011fa ve insana dokunman\u0131n kap\u0131lar\u0131n\u0131 tekrar aralamak \u00fczere \u00e7ocuklu\u011fumun ge\u00e7ti\u011fi \u0130zmir\u2019e geri d\u00f6nd\u00fcm. \u015eimdi kameram ile birlikte; do\u011fadaki t\u00fcm canl\u0131lara farkl\u0131 a\u00e7\u0131lardan bakmaya, g\u00f6rmeye ve \u00f6\u011frenmeye \u00e7al\u0131\u015f\u0131yorum.<\/p>","protected":false},"featured_media":0,"template":"","meta":{"_acf_changed":false,"_uag_custom_page_level_css":""},"dd_staff_cat":[],"class_list":["post-20093","dd_staff","type-dd_staff","status-publish","hentry"],"acf":{"dd_staff_email":"","dd_staff_email_source":{"label":"E-posta","type":"text","formatted_value":""},"dd_staff_position":"","dd_staff_position_source":{"label":"Pozisyon","type":"text","formatted_value":""}},"uagb_featured_image_src":{"full":false,"thumbnail":false,"medium":false,"medium_large":false,"large":false,"1536x1536":false,"2048x2048":false},"uagb_author_info":{"display_name":"A. Erdem \u015eent\u00fcrk","author_link":"https:\/\/dogadernegi.org\/en\/author\/"},"uagb_comment_info":0,"uagb_excerpt":"Mardin\u2019de do\u011fdum.\u0130zmir\u2019de toprakla i\u00e7 i\u00e7e, topra\u011fa de\u011ferek b\u00fcy\u00fcd\u00fcm.Babaannemden bana kalan anlat\u0131lacak \u00e7ok hikayem vard\u0131... [...]Read More... from Bulut Renas Ka\u00e7an","_links":{"self":[{"href":"https:\/\/dogadernegi.org\/en\/wp-json\/wp\/v2\/dd_staff\/20093","targetHints":{"allow":["GET"]}}],"collection":[{"href":"https:\/\/dogadernegi.org\/en\/wp-json\/wp\/v2\/dd_staff"}],"about":[{"href":"https:\/\/dogadernegi.org\/en\/wp-json\/wp\/v2\/types\/dd_staff"}],"wp:attachment":[{"href":"https:\/\/dogadernegi.org\/en\/wp-json\/wp\/v2\/media?parent=20093"}],"wp:term":[{"taxonomy":"dd_staff_cat","embeddable":true,"href":"https:\/\/dogadernegi.org\/en\/wp-json\/wp\/v2\/dd_staff_cat?post=20093"}],"curies":[{"name":"wp","href":"https:\/\/api.w.org\/{rel}","templated":true}]}}