{"id":21573,"date":"2021-07-01T13:33:12","date_gmt":"2021-07-01T10:33:12","guid":{"rendered":"https:\/\/dogadernegi.org\/?post_type=dd_staff&#038;p=21573"},"modified":"2024-03-03T19:09:10","modified_gmt":"2024-03-03T16:09:10","slug":"gokce-sumerkan","status":"publish","type":"dd_staff","link":"https:\/\/dogadernegi.org\/en\/ekip\/gokce-sumerkan\/","title":{"rendered":"G\u00f6k\u00e7e S\u00fcmerkan"},"content":{"rendered":"<p>Trabzon\u2019da do\u011fdum ve b\u00fcy\u00fcd\u00fcm. Babam\u0131n doktora tezi ara\u015ft\u0131rmalar\u0131 sebebiyle \u00e7ocuklu\u011fumDo\u011fu Karadeniz da\u011flar\u0131nda ge\u00e7ti. 2006\u2019da Y\u0131ld\u0131z Teknik \u00dcniversitesi Foto\u011fraf ve Videob\u00f6l\u00fcm\u00fcnden mezun olduktan sonra reklam ajanslar\u0131nda sanat y\u00f6netmenli\u011fi yapt\u0131m.<\/p>\n\n\n\n<p>B\u00fcy\u00fcrken ya\u015fad\u0131\u011f\u0131m do\u011fa i\u00e7imde b\u00fcy\u00fcmeye devam etti ve bu bilginin \u015fehirde kar\u015f\u0131l\u0131\u011f\u0131n\u0131 nas\u0131l bulaca\u011f\u0131m\u0131 bilemedim. Bu s\u00fcre boyunca \u00e7izimler yapmaya devam ettim fakat bir s\u00fcre sonra i\u00e7imdeki bu hislerin pe\u015fine d\u00fc\u015ferek \u0130stanbul\u2019dan ayr\u0131lmak ve Anadolu co\u011frafyas\u0131nda vakit ge\u00e7irmek istedim. 2015 y\u0131l\u0131nda Do\u011fa Derne\u011fi ile yollar\u0131m\u0131z kesi\u015fti ve i\u00e7imdeki do\u011fa bilgisi ve resim sanat\u0131 kendine akacak bir y\u00f6n bulmaya ba\u015flad\u0131. Do\u011fa olmaya, do\u011fa ile kurdu\u011fumuz g\u00f6r\u00fcnmez ba\u011flara, do\u011fan\u0131n diline, alfabelerine, Anadolu medeniyetlerine do\u011fru yeni yeni g\u00f6r\u00fc\u015fler edindik\u00e7e resimlerim de \u00e7e\u015fitlenmeye ba\u015flad\u0131. \u015eu an Do\u011fa Derne\u011fi\u2019nde hayat\u0131m\u0131z boyunca par\u00e7a par\u00e7a bize anlat\u0131lm\u0131\u015f do\u011fa bilgilerini b\u00fct\u00fcnleyerek do\u011fay\u0131 g\u00f6rmeye, anlamaya ve bunu resmetmeye \u00e7al\u0131\u015f\u0131yorum.Can\u0131m Anadolu beni b\u00fcy\u00fclemeye devam ediyor. Kadim zamanlardan g\u00fcn\u00fcm\u00fcze s\u00fcre gelen Anadolu do\u011fa sanatlar\u0131 ile kavrulmaya devam ediyorum.<\/p>","protected":false},"featured_media":21574,"template":"","meta":{"_acf_changed":false,"_uag_custom_page_level_css":""},"dd_staff_cat":[511],"class_list":["post-21573","dd_staff","type-dd_staff","status-publish","has-post-thumbnail","hentry","dd_staff_cat-danismanlar"],"acf":{"dd_staff_email":"","dd_staff_email_source":{"label":"E-posta","type":"text","formatted_value":""},"dd_staff_position":"G\u00f6rsel \u0130leti\u015fim Dan\u0131\u015fman\u0131","dd_staff_position_source":{"label":"Pozisyon","type":"text","formatted_value":"G\u00f6rsel \u0130leti\u015fim Dan\u0131\u015fman\u0131"}},"uagb_featured_image_src":{"full":["https:\/\/dogadernegi.org\/wp-content\/uploads\/2021\/07\/18342243-10212503369956205-4111939356499489682-n.jpeg",960,640,false],"thumbnail":["https:\/\/dogadernegi.org\/wp-content\/uploads\/2021\/07\/18342243-10212503369956205-4111939356499489682-n-300x300.jpeg",300,300,true],"medium":["https:\/\/dogadernegi.org\/wp-content\/uploads\/2021\/07\/18342243-10212503369956205-4111939356499489682-n-300x200.jpeg",300,200,true],"medium_large":["https:\/\/dogadernegi.org\/wp-content\/uploads\/2021\/07\/18342243-10212503369956205-4111939356499489682-n-768x512.jpeg",768,512,true],"large":["https:\/\/dogadernegi.org\/wp-content\/uploads\/2021\/07\/18342243-10212503369956205-4111939356499489682-n.jpeg",960,640,false],"1536x1536":["https:\/\/dogadernegi.org\/wp-content\/uploads\/2021\/07\/18342243-10212503369956205-4111939356499489682-n.jpeg",960,640,false],"2048x2048":["https:\/\/dogadernegi.org\/wp-content\/uploads\/2021\/07\/18342243-10212503369956205-4111939356499489682-n.jpeg",960,640,false]},"uagb_author_info":{"display_name":"A. Erdem \u015eent\u00fcrk","author_link":"https:\/\/dogadernegi.org\/en\/author\/"},"uagb_comment_info":0,"uagb_excerpt":"Trabzon\u2019da do\u011fdum ve b\u00fcy\u00fcd\u00fcm. Babam\u0131n doktora tezi ara\u015ft\u0131rmalar\u0131 sebebiyle \u00e7ocuklu\u011fumDo\u011fu Karadeniz da\u011flar\u0131nda ge\u00e7ti. 2006\u2019da Y\u0131ld\u0131z Teknik \u00dcniversitesi Foto\u011fraf ve Videob\u00f6l\u00fcm\u00fcnden mezun olduktan sonra reklam ajanslar\u0131nda sanat y\u00f6netmenli\u011fi yapt\u0131m. B\u00fcy\u00fcrken ya\u015fad\u0131\u011f\u0131m do\u011fa i\u00e7imde b\u00fcy\u00fcmeye devam etti ve bu bilginin \u015fehirde kar\u015f\u0131l\u0131\u011f\u0131n\u0131 nas\u0131l bulaca\u011f\u0131m\u0131 bilemedim. Bu s\u00fcre boyunca \u00e7izimler yapmaya devam ettim fakat bir s\u00fcre sonra i\u00e7imdeki&hellip;","_links":{"self":[{"href":"https:\/\/dogadernegi.org\/en\/wp-json\/wp\/v2\/dd_staff\/21573","targetHints":{"allow":["GET"]}}],"collection":[{"href":"https:\/\/dogadernegi.org\/en\/wp-json\/wp\/v2\/dd_staff"}],"about":[{"href":"https:\/\/dogadernegi.org\/en\/wp-json\/wp\/v2\/types\/dd_staff"}],"wp:featuredmedia":[{"embeddable":true,"href":"https:\/\/dogadernegi.org\/en\/wp-json\/wp\/v2\/media\/21574"}],"wp:attachment":[{"href":"https:\/\/dogadernegi.org\/en\/wp-json\/wp\/v2\/media?parent=21573"}],"wp:term":[{"taxonomy":"dd_staff_cat","embeddable":true,"href":"https:\/\/dogadernegi.org\/en\/wp-json\/wp\/v2\/dd_staff_cat?post=21573"}],"curies":[{"name":"wp","href":"https:\/\/api.w.org\/{rel}","templated":true}]}}