{"id":22380,"date":"2022-12-29T14:25:32","date_gmt":"2022-12-29T11:25:32","guid":{"rendered":"https:\/\/dogadernegi.org\/?post_type=dd_staff&#038;p=22380"},"modified":"2024-03-08T20:36:36","modified_gmt":"2024-03-08T17:36:36","slug":"taylan-ozgur-nefes","status":"publish","type":"dd_staff","link":"https:\/\/dogadernegi.org\/en\/ekip\/taylan-ozgur-nefes\/","title":{"rendered":"Taylan \u00d6zg\u00fcr Nefes"},"content":{"rendered":"<p>1991 y\u0131l\u0131 Temmuz ay\u0131nda Tokat\u2019ta do\u011fdum. K\u0131sa bir \u00e7ocukluk d\u00f6neminin ard\u0131ndan \u0130zmir\u2019e g\u00f6\u00e7 ettik ve hayat\u0131m\u0131n b\u00fcy\u00fck \u00e7o\u011funlu\u011funu burada ge\u00e7irdim. 2011 y\u0131l\u0131nda Marmara \u00dcniversitesi \u0130leti\u015fim Fak\u00fcltesi\u2019ni kazand\u0131m. \u00dcniversite vesilesi ile \u0130stanbul\u2019a yerle\u015ftim e\u011fitim s\u00fcresi boyunca da orada ya\u015fad\u0131m. Lisans sonras\u0131 \u0130zmir\u2019e tekrar d\u00f6nerek g\u00f6rsel ileti\u015fim, dijital ileti\u015fim s\u00fcre\u00e7lerini kapsayan \u00e7al\u0131\u015fmalar ger\u00e7ekle\u015ftirdim. 2022 May\u0131s ay\u0131na gelindi\u011finde ise takip\u00e7isi oldu\u011fum, \u00e7al\u0131\u015fmalar\u0131n\u0131 merakla izledi\u011fim Do\u011fa Derne\u011fi\u2019nin bir ekip \u00fcyesi oldum. O g\u00fcnden bu yana Dijital \u0130leti\u015fim Sorumlusu olarak do\u011fan\u0131n sesi olmaya \u00e7al\u0131\u015f\u0131yorum.<\/p>","protected":false},"featured_media":22381,"template":"","meta":{"_acf_changed":true,"_uag_custom_page_level_css":""},"dd_staff_cat":[509],"class_list":["post-22380","dd_staff","type-dd_staff","status-publish","has-post-thumbnail","hentry","dd_staff_cat-calisanlar"],"acf":{"dd_staff_email":"taylan.nefes@dogadernegi.org","dd_staff_email_source":{"label":"E-posta","type":"text","formatted_value":"taylan.nefes@dogadernegi.org"},"dd_staff_position":"\u0130leti\u015fim Sorumlusu","dd_staff_position_source":{"label":"Pozisyon","type":"text","formatted_value":"\u0130leti\u015fim Sorumlusu"}},"uagb_featured_image_src":{"full":["https:\/\/dogadernegi.org\/wp-content\/uploads\/2022\/12\/img-4786.jpg",713,456,false],"thumbnail":["https:\/\/dogadernegi.org\/wp-content\/uploads\/2022\/12\/img-4786-300x300.jpg",300,300,true],"medium":["https:\/\/dogadernegi.org\/wp-content\/uploads\/2022\/12\/img-4786-300x192.jpg",300,192,true],"medium_large":["https:\/\/dogadernegi.org\/wp-content\/uploads\/2022\/12\/img-4786.jpg",713,456,false],"large":["https:\/\/dogadernegi.org\/wp-content\/uploads\/2022\/12\/img-4786.jpg",713,456,false],"1536x1536":["https:\/\/dogadernegi.org\/wp-content\/uploads\/2022\/12\/img-4786.jpg",713,456,false],"2048x2048":["https:\/\/dogadernegi.org\/wp-content\/uploads\/2022\/12\/img-4786.jpg",713,456,false]},"uagb_author_info":{"display_name":"A. Erdem \u015eent\u00fcrk","author_link":"https:\/\/dogadernegi.org\/en\/author\/"},"uagb_comment_info":0,"uagb_excerpt":"1991 y\u0131l\u0131 Temmuz ay\u0131nda Tokat\u2019ta do\u011fdum. K\u0131sa bir \u00e7ocukluk d\u00f6neminin ard\u0131ndan \u0130zmir\u2019e g\u00f6\u00e7 ettik ve hayat\u0131m\u0131n b\u00fcy\u00fck \u00e7o\u011funlu\u011funu burada ge\u00e7irdim. 2011 y\u0131l\u0131nda Marmara \u00dcniversitesi \u0130leti\u015fim Fak\u00fcltesi\u2019ni kazand\u0131m. \u00dcniversite vesilesi ile \u0130stanbul\u2019a yerle\u015ftim e\u011fitim s\u00fcresi boyunca da orada ya\u015fad\u0131m. Lisans sonras\u0131 \u0130zmir\u2019e tekrar d\u00f6nerek g\u00f6rsel ileti\u015fim, dijital ileti\u015fim s\u00fcre\u00e7lerini kapsayan \u00e7al\u0131\u015fmalar ger\u00e7ekle\u015ftirdim. 2022 May\u0131s ay\u0131na gelindi\u011finde&hellip;","_links":{"self":[{"href":"https:\/\/dogadernegi.org\/en\/wp-json\/wp\/v2\/dd_staff\/22380","targetHints":{"allow":["GET"]}}],"collection":[{"href":"https:\/\/dogadernegi.org\/en\/wp-json\/wp\/v2\/dd_staff"}],"about":[{"href":"https:\/\/dogadernegi.org\/en\/wp-json\/wp\/v2\/types\/dd_staff"}],"wp:featuredmedia":[{"embeddable":true,"href":"https:\/\/dogadernegi.org\/en\/wp-json\/wp\/v2\/media\/22381"}],"wp:attachment":[{"href":"https:\/\/dogadernegi.org\/en\/wp-json\/wp\/v2\/media?parent=22380"}],"wp:term":[{"taxonomy":"dd_staff_cat","embeddable":true,"href":"https:\/\/dogadernegi.org\/en\/wp-json\/wp\/v2\/dd_staff_cat?post=22380"}],"curies":[{"name":"wp","href":"https:\/\/api.w.org\/{rel}","templated":true}]}}