{"id":21044,"date":"2015-09-16T16:10:53","date_gmt":"2015-09-16T13:10:53","guid":{"rendered":"http:\/\/dogadernegi.org\/?post_type=dd_staff&#038;p=21044"},"modified":"2024-03-03T18:23:22","modified_gmt":"2024-03-03T15:23:22","slug":"serdar-ozuslu","status":"publish","type":"dd_staff","link":"https:\/\/dogadernegi.org\/tr\/ekip\/serdar-ozuslu\/","title":{"rendered":"Serdar \u00d6zuslu"},"content":{"rendered":"\n<p>\u00c7o\u011fu \u0130stanbullu gibi k\u00f6kleri ba\u015fka topraklara uzanan bir ailede b\u00fcy\u00fcd\u00fcm. Babam Gaziantep\u2019ten gelmi\u015fti ve annem Selanik g\u00f6\u00e7meniydi. Buradaki hayat\u0131m\u0131n \u00e7o\u011fu \u0130stanbul\u2019un tarihi yar\u0131madas\u0131nda, Be\u015fikta\u015f\u2019ta, Beyo\u011flu\u2019nda ve Burgazadas\u0131\u2019nda ge\u00e7ti. G\u00f6rmeye, \u00f6\u011frenmeye, y\u00fcr\u00fcmeye, bisiklete, \u00e7al\u0131\u015fmaya \u0130stanbul\u2019da ba\u015flad\u0131m.&nbsp;Kent planc\u0131l\u0131\u011f\u0131 e\u011fitimimde zarar vermeden nas\u0131l ya\u015fanabilece\u011finin cevab\u0131n\u0131 arad\u0131m. 2014 y\u0131l\u0131nda a\u011fa\u00e7larla ba\u011flar\u0131m\u0131z\u0131 fark etti\u011fimde Do\u011fa Okulu ile tan\u0131\u015ft\u0131m. O tarihten beri do\u011fan\u0131n d\u00f6ng\u00fcsel mant\u0131\u011f\u0131n\u0131 anlamaya ve bilgeli\u011finden \u00f6\u011frenmeye \u00e7al\u0131\u015f\u0131yorum. Do\u011fa Derne\u011fi\u2019nin nesli tehlike alt\u0131ndaki t\u00fcrlerin korunmas\u0131, \u00d6nemli Do\u011fa Alanlar\u0131\u2019n\u0131n ya\u015famas\u0131 ve ekosistem i\u00e7erisinde herhangi bir canl\u0131 gibi ya\u015fam\u0131n\u0131 s\u00fcrd\u00fcren kadim ya\u015fam bi\u00e7imlerinin ara\u015ft\u0131r\u0131lmas\u0131 ve bu alanlar\u0131n belirlenmesi \u00e7al\u0131\u015fmalar\u0131nda \u00f6\u011frenmeye devam ediyorum.<\/p>\n\n\n\n<p>2017 y\u0131l\u0131nda Do\u011fa Derne\u011fi\u2019ne Projeler Y\u00f6netmeni g\u00f6revi ile kat\u0131ld\u0131m. Halihaz\u0131rda Genel Koordinat\u00f6r olarak Do\u011fa Derne\u011fi ekibinin, \u00fcye ve g\u00f6n\u00fcll\u00fc a\u011f\u0131 ile birlikte derne\u011fin ufkuna hizmet eden fikirleri \u00fcretti\u011fi, hayaller kurdu\u011fu ve bunlar i\u00e7in \u00e7al\u0131\u015ft\u0131\u011f\u0131 birlikteli\u011fin devam etmesi amac\u0131yla Mali ve \u0130dari \u0130\u015fler Koordinat\u00f6r\u00fc ile birlikte \u00e7al\u0131\u015f\u0131yorum.&nbsp;Ayr\u0131ca 2002 y\u0131l\u0131ndan beri par\u00e7as\u0131 oldu\u011fumuz do\u011fa koruma a\u011f\u0131 BirdLife International b\u00fcnyesindeki ili\u015fkilerimizi Do\u011fa Derne\u011fi ad\u0131na s\u00fcrd\u00fcr\u00fcyorum.<\/p>\n","protected":false},"featured_media":21045,"template":"","meta":{"_acf_changed":true,"_uag_custom_page_level_css":""},"dd_staff_cat":[509],"class_list":["post-21044","dd_staff","type-dd_staff","status-publish","has-post-thumbnail","hentry","dd_staff_cat-calisanlar"],"acf":{"dd_staff_email":"","dd_staff_email_source":{"label":"E-posta","type":"text","formatted_value":""},"dd_staff_position":"Genel Koordinat\u00f6r ","dd_staff_position_source":{"label":"Pozisyon","type":"text","formatted_value":"Genel Koordinat\u00f6r "}},"uagb_featured_image_src":{"full":["https:\/\/dogadernegi.org\/wp-content\/uploads\/2020\/05\/mko-8278-scaled.jpg",2560,1709,false],"thumbnail":["https:\/\/dogadernegi.org\/wp-content\/uploads\/2020\/05\/mko-8278-300x300.jpg",300,300,true],"medium":["https:\/\/dogadernegi.org\/wp-content\/uploads\/2020\/05\/mko-8278-300x200.jpg",300,200,true],"medium_large":["https:\/\/dogadernegi.org\/wp-content\/uploads\/2020\/05\/mko-8278-768x513.jpg",768,513,true],"large":["https:\/\/dogadernegi.org\/wp-content\/uploads\/2020\/05\/mko-8278-1024x684.jpg",1024,684,true],"1536x1536":["https:\/\/dogadernegi.org\/wp-content\/uploads\/2020\/05\/mko-8278-1536x1025.jpg",1536,1025,true],"2048x2048":["https:\/\/dogadernegi.org\/wp-content\/uploads\/2020\/05\/mko-8278-2048x1367.jpg",2048,1367,true]},"uagb_author_info":{"display_name":"A. Erdem \u015eent\u00fcrk","author_link":"https:\/\/dogadernegi.org\/tr\/author\/"},"uagb_comment_info":0,"uagb_excerpt":"\u00c7o\u011fu \u0130stanbullu gibi k\u00f6kleri ba\u015fka topraklara uzanan bir ailede b\u00fcy\u00fcd\u00fcm. Babam Gaziantep\u2019ten gelmi\u015fti ve annem Selanik g\u00f6\u00e7meniydi. Buradaki hayat\u0131m\u0131n \u00e7o\u011fu... [...]Daha Fazlas\u0131n\u0131 Oku... from Serdar \u00d6zuslu","_links":{"self":[{"href":"https:\/\/dogadernegi.org\/tr\/wp-json\/wp\/v2\/dd_staff\/21044","targetHints":{"allow":["GET"]}}],"collection":[{"href":"https:\/\/dogadernegi.org\/tr\/wp-json\/wp\/v2\/dd_staff"}],"about":[{"href":"https:\/\/dogadernegi.org\/tr\/wp-json\/wp\/v2\/types\/dd_staff"}],"wp:featuredmedia":[{"embeddable":true,"href":"https:\/\/dogadernegi.org\/tr\/wp-json\/wp\/v2\/media\/21045"}],"wp:attachment":[{"href":"https:\/\/dogadernegi.org\/tr\/wp-json\/wp\/v2\/media?parent=21044"}],"wp:term":[{"taxonomy":"dd_staff_cat","embeddable":true,"href":"https:\/\/dogadernegi.org\/tr\/wp-json\/wp\/v2\/dd_staff_cat?post=21044"}],"curies":[{"name":"wp","href":"https:\/\/api.w.org\/{rel}","templated":true}]}}