{"id":26704,"date":"2025-08-10T15:35:01","date_gmt":"2025-08-10T12:35:01","guid":{"rendered":"https:\/\/dogadernegi.org\/?post_type=dd_staff&#038;p=26704"},"modified":"2025-08-10T15:35:09","modified_gmt":"2025-08-10T12:35:09","slug":"hande-olceroglu-yuksek","status":"publish","type":"dd_staff","link":"https:\/\/dogadernegi.org\/tr\/ekip\/hande-olceroglu-yuksek\/","title":{"rendered":"Hande \u00d6l\u00e7ero\u011flu Y\u00fcksek"},"content":{"rendered":"\n<p>\u0130stanbul Kad\u0131k\u00f6y\u2019de do\u011fup b\u00fcy\u00fcd\u00fcm. \u00c7ocuklu\u011fum Caddebostan\u2019\u0131n bir zamanlar bostan olan sokaklar\u0131nda, bug\u00fcn de varl\u0131\u011f\u0131n\u0131 koruyan dev \u00e7\u0131nar a\u011fa\u00e7lar\u0131n\u0131n g\u00f6lgesinde saklamba\u00e7 oynayarak ge\u00e7ti. O zamanlar\u0131n parklar\u0131 koruluktu, bug\u00fcnk\u00fc gibi \u201cbak\u0131ml\u0131\u201d de\u011fildi. Hayal g\u00fcc\u00fcm\u00fcz o korularda ye\u015ferir, geni\u015flerdi. Orta\u00f6\u011frenimimi babam\u0131n g\u00f6revi nedeniyle \u0130talya\u2019n\u0131n Napoli kentinde tamamlad\u0131m. Yabanc\u0131 dil ve k\u00fclt\u00fcrlere ilgimi o d\u00f6nemde ke\u015ffettim. Marmara \u00dcniversitesinde \u0130ngilizce \u00d6\u011fretmenli\u011fi b\u00f6l\u00fcm\u00fcnde okudum. Mesle\u011fim \u00e7evirmenlik, edit\u00f6rl\u00fck ve yabanc\u0131lara T\u00fcrk\u00e7e \u00f6\u011fretmenli\u011fi \u00e7er\u00e7evesinde ilerledi. Do\u011fa Derne\u011fi ile, 2014 y\u0131l\u0131nda Seferihisar Do\u011fa Okulunda d\u00fczenlenen Edit\u00f6rl\u00fck ve Yazarl\u0131k kursu sayesinde tan\u0131\u015ft\u0131m. Sonras\u0131nda da do\u011fa odakl\u0131 kurslara kat\u0131lmaya devam ettim, Do\u011fa Derne\u011fi \u00fcyesi ve g\u00f6n\u00fcll\u00fcs\u00fc oldum. Seferihisar\u2019\u0131n Orhanl\u0131 k\u00f6y\u00fcnde yar\u0131 zamanl\u0131 ya\u015f\u0131yorum. Yerelden \u00f6\u011frenmeyi, k\u00f6yl\u00fclerle yak\u0131n ili\u015fkiler kurmay\u0131, do\u011fay\u0131 koruyan geleneklerin s\u00fcrd\u00fcr\u00fclerek gelecek ku\u015faklara aktar\u0131lmas\u0131n\u0131 \u00f6nemsiyorum. Sanatla ilgileniyorum. Sanat\u0131n kendisini do\u011fa k\u00fclt\u00fcr\u00fcn\u00fcn bir par\u00e7as\u0131 olarak g\u00f6r\u00fcyor, do\u011fay\u0131 ya\u015fam bi\u00e7imimiz haline getirmemiz gerekti\u011fini d\u00fc\u015f\u00fcn\u00fcyorum.<\/p>\n\n\n\n<p><\/p>\n","protected":false},"featured_media":0,"template":"","meta":{"_acf_changed":true,"_uag_custom_page_level_css":""},"dd_staff_cat":[512],"class_list":["post-26704","dd_staff","type-dd_staff","status-publish","hentry","dd_staff_cat-yonetim-kurulu"],"acf":{"dd_staff_email":"","dd_staff_email_source":{"label":"E-posta","type":"text","formatted_value":""},"dd_staff_position":"Y\u00f6netim Kurulu \u00dcyesi","dd_staff_position_source":{"label":"Pozisyon","type":"text","formatted_value":"Y\u00f6netim Kurulu \u00dcyesi"}},"uagb_featured_image_src":{"full":false,"thumbnail":false,"medium":false,"medium_large":false,"large":false,"1536x1536":false,"2048x2048":false},"uagb_author_info":{"display_name":"A. Erdem \u015eent\u00fcrk","author_link":"https:\/\/dogadernegi.org\/tr\/author\/"},"uagb_comment_info":0,"uagb_excerpt":"\u0130stanbul Kad\u0131k\u00f6y\u2019de do\u011fup b\u00fcy\u00fcd\u00fcm. \u00c7ocuklu\u011fum Caddebostan\u2019\u0131n bir zamanlar bostan olan sokaklar\u0131nda, bug\u00fcn de varl\u0131\u011f\u0131n\u0131 koruyan dev \u00e7\u0131nar a\u011fa\u00e7lar\u0131n\u0131n g\u00f6lgesinde saklamba\u00e7 oynayarak ge\u00e7ti. O zamanlar\u0131n parklar\u0131 koruluktu, bug\u00fcnk\u00fc gibi \u201cbak\u0131ml\u0131\u201d de\u011fildi. Hayal g\u00fcc\u00fcm\u00fcz o korularda ye\u015ferir, geni\u015flerdi. Orta\u00f6\u011frenimimi babam\u0131n g\u00f6revi nedeniyle \u0130talya\u2019n\u0131n Napoli kentinde tamamlad\u0131m. Yabanc\u0131 dil ve k\u00fclt\u00fcrlere ilgimi o d\u00f6nemde ke\u015ffettim. Marmara \u00dcniversitesinde \u0130ngilizce&hellip;","_links":{"self":[{"href":"https:\/\/dogadernegi.org\/tr\/wp-json\/wp\/v2\/dd_staff\/26704","targetHints":{"allow":["GET"]}}],"collection":[{"href":"https:\/\/dogadernegi.org\/tr\/wp-json\/wp\/v2\/dd_staff"}],"about":[{"href":"https:\/\/dogadernegi.org\/tr\/wp-json\/wp\/v2\/types\/dd_staff"}],"wp:attachment":[{"href":"https:\/\/dogadernegi.org\/tr\/wp-json\/wp\/v2\/media?parent=26704"}],"wp:term":[{"taxonomy":"dd_staff_cat","embeddable":true,"href":"https:\/\/dogadernegi.org\/tr\/wp-json\/wp\/v2\/dd_staff_cat?post=26704"}],"curies":[{"name":"wp","href":"https:\/\/api.w.org\/{rel}","templated":true}]}}