{"id":28026,"date":"2026-03-23T22:54:15","date_gmt":"2026-03-23T19:54:15","guid":{"rendered":"https:\/\/dogadernegi.org\/?post_type=dd_staff&#038;p=28026"},"modified":"2026-03-23T22:54:58","modified_gmt":"2026-03-23T19:54:58","slug":"sule-hezer","status":"publish","type":"dd_staff","link":"https:\/\/dogadernegi.org\/tr\/ekip\/sule-hezer\/","title":{"rendered":"\u015eule Hezer"},"content":{"rendered":"\n<p>2001 y\u0131l\u0131nda \u0130zmir\u2019in Seferihisar il\u00e7esinde do\u011fdum. \u00c7ocuklu\u011fumu Orhanl\u0131 K\u00f6y\u00fc\u2019nde ge\u00e7irdikten sonra ailemle birlikte Seferihisar merkeze ta\u015f\u0131nd\u0131k. Do\u011fayla i\u00e7 i\u00e7e ge\u00e7en \u00e7ocukluk y\u0131llar\u0131m, do\u011faya ve do\u011fa koruma \u00e7al\u0131\u015fmalar\u0131na kar\u015f\u0131 erken ya\u015flarda ilgi duymam\u0131 sa\u011flad\u0131. \u00dcniversite e\u011fitimimi Adana Bilim ve Teknoloji \u00dcniversitesi Uluslararas\u0131 Ticaret ve Finans b\u00f6l\u00fcm\u00fcnde tamamlad\u0131m. Lisans e\u011fitimimin ard\u0131ndan \u0130zmir\u2019e geri d\u00f6nd\u00fcm. 2025 y\u0131l\u0131nda, do\u011fup b\u00fcy\u00fcd\u00fc\u011f\u00fcm co\u011frafyadan \u00e7al\u0131\u015fmalar\u0131n\u0131 y\u00fcr\u00fcten ve \u00e7ocuklu\u011fumdan beri ilgimi \u00e7eken Do\u011fa Derne\u011fi ile yollar\u0131m\u0131z kesi\u015fti. Dernekte Muhasebe ve Lojistik Sorumlusu olarak do\u011fa koruma \u00e7al\u0131\u015fmalar\u0131na destek vermekteyim.<\/p>\n","protected":false},"featured_media":28027,"template":"","meta":{"_acf_changed":true,"_uag_custom_page_level_css":""},"dd_staff_cat":[509],"class_list":["post-28026","dd_staff","type-dd_staff","status-publish","has-post-thumbnail","hentry","dd_staff_cat-calisanlar"],"acf":{"dd_staff_email":"","dd_staff_email_source":{"label":"E-posta","type":"text","formatted_value":""},"dd_staff_position":"Muhasebe ve Lojistik Sorumlusu","dd_staff_position_source":{"label":"Pozisyon","type":"text","formatted_value":"Muhasebe ve Lojistik Sorumlusu"}},"uagb_featured_image_src":{"full":["https:\/\/dogadernegi.org\/wp-content\/uploads\/2026\/03\/tez-3887-e1773904934539.jpg",1440,1230,false],"thumbnail":["https:\/\/dogadernegi.org\/wp-content\/uploads\/2026\/03\/tez-3887-e1773904934539-300x300.jpg",300,300,true],"medium":["https:\/\/dogadernegi.org\/wp-content\/uploads\/2026\/03\/tez-3887-e1773904934539-300x256.jpg",300,256,true],"medium_large":["https:\/\/dogadernegi.org\/wp-content\/uploads\/2026\/03\/tez-3887-e1773904934539-768x656.jpg",768,656,true],"large":["https:\/\/dogadernegi.org\/wp-content\/uploads\/2026\/03\/tez-3887-e1773904934539-1024x875.jpg",1024,875,true],"1536x1536":["https:\/\/dogadernegi.org\/wp-content\/uploads\/2026\/03\/tez-3887-e1773904934539.jpg",1440,1230,false],"2048x2048":["https:\/\/dogadernegi.org\/wp-content\/uploads\/2026\/03\/tez-3887-e1773904934539.jpg",1440,1230,false]},"uagb_author_info":{"display_name":"A. Erdem \u015eent\u00fcrk","author_link":"https:\/\/dogadernegi.org\/tr\/author\/"},"uagb_comment_info":0,"uagb_excerpt":"2001 y\u0131l\u0131nda \u0130zmir\u2019in Seferihisar il\u00e7esinde do\u011fdum. \u00c7ocuklu\u011fumu Orhanl\u0131 K\u00f6y\u00fc\u2019nde ge\u00e7irdikten sonra ailemle birlikte Seferihisar merkeze ta\u015f\u0131nd\u0131k. Do\u011fayla i\u00e7 i\u00e7e ge\u00e7en \u00e7ocukluk y\u0131llar\u0131m, do\u011faya ve do\u011fa koruma \u00e7al\u0131\u015fmalar\u0131na kar\u015f\u0131 erken ya\u015flarda ilgi duymam\u0131 sa\u011flad\u0131. \u00dcniversite e\u011fitimimi Adana Bilim ve Teknoloji \u00dcniversitesi Uluslararas\u0131 Ticaret ve Finans b\u00f6l\u00fcm\u00fcnde tamamlad\u0131m. Lisans e\u011fitimimin ard\u0131ndan \u0130zmir\u2019e geri d\u00f6nd\u00fcm. 2025 y\u0131l\u0131nda, do\u011fup&hellip;","_links":{"self":[{"href":"https:\/\/dogadernegi.org\/tr\/wp-json\/wp\/v2\/dd_staff\/28026","targetHints":{"allow":["GET"]}}],"collection":[{"href":"https:\/\/dogadernegi.org\/tr\/wp-json\/wp\/v2\/dd_staff"}],"about":[{"href":"https:\/\/dogadernegi.org\/tr\/wp-json\/wp\/v2\/types\/dd_staff"}],"wp:featuredmedia":[{"embeddable":true,"href":"https:\/\/dogadernegi.org\/tr\/wp-json\/wp\/v2\/media\/28027"}],"wp:attachment":[{"href":"https:\/\/dogadernegi.org\/tr\/wp-json\/wp\/v2\/media?parent=28026"}],"wp:term":[{"taxonomy":"dd_staff_cat","embeddable":true,"href":"https:\/\/dogadernegi.org\/tr\/wp-json\/wp\/v2\/dd_staff_cat?post=28026"}],"curies":[{"name":"wp","href":"https:\/\/api.w.org\/{rel}","templated":true}]}}